{"id":6,"date":"2023-08-04T11:24:48","date_gmt":"2023-08-04T14:24:48","guid":{"rendered":"https:\/\/experience.poraidebarraca.com.br\/?page_id=6"},"modified":"2026-02-04T11:47:59","modified_gmt":"2026-02-04T14:47:59","slug":"home","status":"publish","type":"page","link":"https:\/\/poraidebarraca.com.br\/experience\/","title":{"rendered":"Home"},"content":{"rendered":"<p>[et_pb_section fb_built=&#8221;1&#8243; next_background_color=&#8221;#ffffff&#8221; admin_label=&#8221;topo&#8221; module_id=&#8221;home&#8221; _builder_version=&#8221;4.21.0&#8243; _module_preset=&#8221;default&#8221; background_enable_color=&#8221;off&#8221; background_image=&#8221;https:\/\/poraidebarraca.com.br\/experience\/wp-content\/uploads\/2023\/08\/bg1-copiar-2.jpg&#8221; bottom_divider_style=&#8221;wave2&#8243; animation_style=&#8221;fade&#8221; animation_duration=&#8221;2000ms&#8221; collapsed=&#8221;on&#8221; global_colors_info=&#8221;{}&#8221;][et_pb_row column_structure=&#8221;1_3,2_3&#8243; _builder_version=&#8221;4.21.0&#8243; _module_preset=&#8221;default&#8221; custom_margin=&#8221;||||false|false&#8221; global_colors_info=&#8221;{}&#8221;][et_pb_column type=&#8221;1_3&#8243; _builder_version=&#8221;4.21.0&#8243; _module_preset=&#8221;default&#8221; background_enable_color=&#8221;off&#8221; global_colors_info=&#8221;{}&#8221;][\/et_pb_column][et_pb_column type=&#8221;2_3&#8243; _builder_version=&#8221;4.21.0&#8243; _module_preset=&#8221;default&#8221; background_enable_color=&#8221;off&#8221; global_colors_info=&#8221;{}&#8221;][et_pb_text _builder_version=&#8221;4.21.0&#8243; _module_preset=&#8221;default&#8221; text_text_color=&#8221;#ffffff&#8221; text_font_size=&#8221;17px&#8221; header_text_align=&#8221;center&#8221; header_3_text_align=&#8221;right&#8221; header_3_text_color=&#8221;#FFFFFF&#8221; header_4_text_align=&#8221;center&#8221; header_4_text_color=&#8221;#FB962C&#8221; header_4_font_size=&#8221;36px&#8221; text_orientation=&#8221;center&#8221; custom_margin=&#8221;90px||||false|false&#8221; animation_style=&#8221;slide&#8221; animation_direction=&#8221;left&#8221; animation_duration=&#8221;1750ms&#8221; header_3_text_shadow_style=&#8221;preset5&#8243; header_3_text_shadow_color=&#8221;#0a0a0a&#8221; header_4_text_shadow_style=&#8221;preset5&#8243; header_4_text_shadow_horizontal_length=&#8221;0.1em&#8221; header_4_text_shadow_vertical_length=&#8221;0.1em&#8221; header_4_text_shadow_color=&#8221;rgba(0,0,0,0.78)&#8221; global_colors_info=&#8221;{}&#8221;]<\/p>\n<h3>A barraca da sua<\/h3>\n<h3>fam\u00edlia\u00a0j\u00e1 est\u00e1 montada!<\/h3>\n<p>[\/et_pb_text][et_pb_divider color=&#8221;#FB962C&#8221; divider_weight=&#8221;3px&#8221; _builder_version=&#8221;4.21.0&#8243; _module_preset=&#8221;default&#8221; module_alignment=&#8221;right&#8221; animation_style=&#8221;slide&#8221; animation_direction=&#8221;left&#8221; animation_duration=&#8221;1750ms&#8221; animation_delay=&#8221;500ms&#8221; global_colors_info=&#8221;{}&#8221;][\/et_pb_divider][et_pb_text _builder_version=&#8221;4.21.0&#8243; _module_preset=&#8221;default&#8221; text_font=&#8221;|600|||||||&#8221; text_text_color=&#8221;#ffffff&#8221; text_font_size=&#8221;19px&#8221; header_text_align=&#8221;center&#8221; header_4_text_align=&#8221;center&#8221; header_4_text_color=&#8221;#ffffff&#8221; text_orientation=&#8221;right&#8221; custom_margin=&#8221;||||false|false&#8221; animation_style=&#8221;slide&#8221; animation_direction=&#8221;left&#8221; animation_duration=&#8221;1750ms&#8221; animation_delay=&#8221;1000ms&#8221; text_text_shadow_style=&#8221;preset5&#8243; text_text_shadow_color=&#8221;#000000&#8243; header_4_text_shadow_style=&#8221;preset5&#8243; header_4_text_shadow_horizontal_length=&#8221;0.1em&#8221; header_4_text_shadow_vertical_length=&#8221;0.1em&#8221; header_4_text_shadow_color=&#8221;rgba(0,0,0,0.78)&#8221; global_colors_info=&#8221;{}&#8221;]<\/p>\n<p>Descubra a experi\u00eancia que s\u00f3 o campismo proporciona<\/p>\n<p>[\/et_pb_text][et_pb_button button_url=&#8221;https:\/\/poraidebarraca.com.br\/experience\/#conheca&#8221; button_text=&#8221;CONHE\u00c7A O PROJETO&#8221; button_alignment=&#8221;right&#8221; _builder_version=&#8221;4.21.0&#8243; _module_preset=&#8221;default&#8221; custom_button=&#8221;on&#8221; button_text_color=&#8221;#FFFFFF&#8221; button_bg_color=&#8221;#E1662D&#8221; button_border_width=&#8221;5px&#8221; button_border_color=&#8221;#E1662D&#8221; button_border_radius=&#8221;50px&#8221; button_letter_spacing=&#8221;1px&#8221; button_icon=&#8221;&#x3b;||divi||400&#8243; button_icon_color=&#8221;#FFFFFF&#8221; custom_margin=&#8221;||150px||false|false&#8221; animation_style=&#8221;slide&#8221; animation_direction=&#8221;left&#8221; animation_duration=&#8221;2000ms&#8221; animation_delay=&#8221;500ms&#8221; global_colors_info=&#8221;{}&#8221;][\/et_pb_button][\/et_pb_column][\/et_pb_row][\/et_pb_section][et_pb_section fb_built=&#8221;1&#8243; admin_label=&#8221;conhe\u00e7a&#8221; module_id=&#8221;conheca&#8221; _builder_version=&#8221;4.21.0&#8243; _module_preset=&#8221;default&#8221; collapsed=&#8221;on&#8221; global_colors_info=&#8221;{}&#8221;][et_pb_row column_structure=&#8221;2_5,3_5&#8243; _builder_version=&#8221;4.27.4&#8243; _module_preset=&#8221;default&#8221; custom_margin=&#8221;||30px||false|false&#8221; collapsed=&#8221;on&#8221; global_colors_info=&#8221;{}&#8221;][et_pb_column type=&#8221;2_5&#8243; _builder_version=&#8221;4.21.0&#8243; _module_preset=&#8221;default&#8221; global_colors_info=&#8221;{}&#8221;][et_pb_text _builder_version=&#8221;4.21.0&#8243; _module_preset=&#8221;default&#8221; header_text_align=&#8221;right&#8221; header_text_color=&#8221;#e2e2e2&#8243; header_font_size=&#8221;3.5em&#8221; header_letter_spacing=&#8221;-2px&#8221; custom_margin=&#8221;|||-150px|false|false&#8221; global_colors_info=&#8221;{}&#8221;]<\/p>\n<h1>Conhe\u00e7a<\/h1>\n<p>[\/et_pb_text][et_pb_text _builder_version=&#8221;4.21.0&#8243; _module_preset=&#8221;default&#8221; header_3_text_align=&#8221;right&#8221; header_3_text_color=&#8221;#3B7039&#8243; header_3_font_size=&#8221;3em&#8221; custom_margin=&#8221;-70px|||-100px|false|false&#8221; animation_style=&#8221;slide&#8221; animation_direction=&#8221;left&#8221; animation_duration=&#8221;1750ms&#8221; global_colors_info=&#8221;{}&#8221;]<\/p>\n<h3>Conhe\u00e7a<\/h3>\n<h3>o projeto<\/h3>\n<p>[\/et_pb_text][et_pb_divider color=&#8221;#FB962C&#8221; divider_weight=&#8221;3px&#8221; _builder_version=&#8221;4.21.0&#8243; _module_preset=&#8221;default&#8221; width=&#8221;74%&#8221; max_width=&#8221;74%&#8221; module_alignment=&#8221;right&#8221; global_colors_info=&#8221;{}&#8221;][\/et_pb_divider][et_pb_image src=&#8221;https:\/\/poraidebarraca.com.br\/experience\/wp-content\/uploads\/2023\/08\/logoSITE200.png&#8221; title_text=&#8221;logoSITE200&#8243; _builder_version=&#8221;4.21.0&#8243; _module_preset=&#8221;default&#8221; custom_margin=&#8221;-60px||||false|false&#8221; animation_style=&#8221;slide&#8221; animation_direction=&#8221;bottom&#8221; animation_duration=&#8221;1750ms&#8221; global_colors_info=&#8221;{}&#8221;][\/et_pb_image][et_pb_social_media_follow use_icon_font_size=&#8221;on&#8221; icon_font_size=&#8221;24px&#8221; _builder_version=&#8221;4.21.0&#8243; _module_preset=&#8221;default&#8221; text_orientation=&#8221;right&#8221; animation_style=&#8221;slide&#8221; animation_direction=&#8221;left&#8221; animation_duration=&#8221;1750ms&#8221; animation_delay=&#8221;500ms&#8221; border_radii=&#8221;on|100px|100px|100px|100px&#8221; global_colors_info=&#8221;{}&#8221;][et_pb_social_media_follow_network social_network=&#8221;youtube&#8221; url=&#8221;https:\/\/www.youtube.com\/poraidebarraca&#8221; _builder_version=&#8221;4.21.0&#8243; _module_preset=&#8221;default&#8221; background_color=&#8221;#a82400&#8243; global_colors_info=&#8221;{}&#8221;]youtube[\/et_pb_social_media_follow_network][et_pb_social_media_follow_network social_network=&#8221;instagram&#8221; url=&#8221;https:\/\/www.instagram.com\/poraidebarraca\/&#8221; _builder_version=&#8221;4.21.0&#8243; _module_preset=&#8221;default&#8221; background_color=&#8221;#ea2c59&#8243; global_colors_info=&#8221;{}&#8221;]instagram[\/et_pb_social_media_follow_network][et_pb_social_media_follow_network social_network=&#8221;facebook&#8221; url=&#8221;https:\/\/www.facebook.com\/poraidebarraca\/&#8221; _builder_version=&#8221;4.21.0&#8243; _module_preset=&#8221;default&#8221; background_color=&#8221;#3b5998&#8243; global_colors_info=&#8221;{}&#8221;]facebook[\/et_pb_social_media_follow_network][\/et_pb_social_media_follow][\/et_pb_column][et_pb_column type=&#8221;3_5&#8243; _builder_version=&#8221;4.21.0&#8243; _module_preset=&#8221;default&#8221; global_colors_info=&#8221;{}&#8221;][et_pb_divider show_divider=&#8221;off&#8221; _builder_version=&#8221;4.21.0&#8243; _module_preset=&#8221;default&#8221; min_height=&#8221;30px&#8221; global_colors_info=&#8221;{}&#8221;][\/et_pb_divider][et_pb_text _builder_version=&#8221;4.21.0&#8243; _module_preset=&#8221;default&#8221; animation_style=&#8221;slide&#8221; animation_direction=&#8221;right&#8221; animation_duration=&#8221;2000ms&#8221; global_colors_info=&#8221;{}&#8221;]<\/p>\n<p><strong><img loading=\"lazy\" decoding=\"async\" class=\"alignleft wp-image-177\" src=\"https:\/\/poraidebarraca.com.br\/experience\/wp-content\/uploads\/2023\/08\/iconeMochilas-300x247.jpg\" alt=\"\" width=\"164\" height=\"135\" srcset=\"https:\/\/poraidebarraca.com.br\/experience\/wp-content\/uploads\/2023\/08\/iconeMochilas-300x247.jpg 300w, https:\/\/poraidebarraca.com.br\/experience\/wp-content\/uploads\/2023\/08\/iconeMochilas.jpg 373w\" sizes=\"(max-width: 164px) 100vw, 164px\" \/><\/strong><\/p>\n<p><strong>Somos Raquel Martins e Thiago Lelis<\/strong><br \/>e faz mais de oito anos que rodamos \u201cPor a\u00ed de Barraca\u201d. Nesse tempo tivemos a oportunidade de conhecer muitos campings, fazer amizade com muitos campistas e vivemos momentos m\u00e1gicos acampando e explorando novos lugares. Foi da\u00ed que nasceu nossa vontade de compartilhar essa experi\u00eancia com outras pessoas e poder mostrar um pouco desse mundo que tanto amamos!<\/p>\n<p>[\/et_pb_text][et_pb_divider show_divider=&#8221;off&#8221; _builder_version=&#8221;4.21.0&#8243; _module_preset=&#8221;default&#8221; min_height=&#8221;10px&#8221; global_colors_info=&#8221;{}&#8221;][\/et_pb_divider][et_pb_text _builder_version=&#8221;4.21.0&#8243; _module_preset=&#8221;default&#8221; animation_style=&#8221;slide&#8221; animation_direction=&#8221;right&#8221; animation_duration=&#8221;2000ms&#8221; animation_delay=&#8221;500ms&#8221; global_colors_info=&#8221;{}&#8221;]<\/p>\n<p><strong><img loading=\"lazy\" decoding=\"async\" class=\"wp-image-179 alignright\" src=\"https:\/\/poraidebarraca.com.br\/experience\/wp-content\/uploads\/2023\/08\/iconeBarraca-300x247.jpg\" alt=\"\" width=\"164\" height=\"135\" srcset=\"https:\/\/poraidebarraca.com.br\/experience\/wp-content\/uploads\/2023\/08\/iconeBarraca-300x247.jpg 300w, https:\/\/poraidebarraca.com.br\/experience\/wp-content\/uploads\/2023\/08\/iconeBarraca.jpg 373w\" sizes=\"(max-width: 164px) 100vw, 164px\" \/><\/strong><\/p>\n<p><strong>O Por a\u00ed de Barraca Experience<\/strong><br \/>tem a miss\u00e3o de propiciar a experi\u00eancia de acampar com simplicidade e seguran\u00e7a, colocando \u00e0 disposi\u00e7\u00e3o do campista equipamentos das principais marcas do segmento e toda a estrutura necess\u00e1ria para um acampamento confort\u00e1vel e sem perrengues. A alimenta\u00e7\u00e3o e as atividades de lazer tamb\u00e9m ficam por conta de nossa equipe e temos certeza de que tudo far\u00e1 parte de um delicioso momento que ficar\u00e1 para sempre na mem\u00f3ria de sua fam\u00edlia e amigos.<\/p>\n<p>[\/et_pb_text][\/et_pb_column][\/et_pb_row][et_pb_row column_structure=&#8221;1_3,1_3,1_3&#8243; _builder_version=&#8221;4.27.4&#8243; _module_preset=&#8221;default&#8221; global_colors_info=&#8221;{}&#8221;][et_pb_column type=&#8221;1_3&#8243; _builder_version=&#8221;4.27.4&#8243; _module_preset=&#8221;default&#8221; global_colors_info=&#8221;{}&#8221;][et_pb_testimonial author=&#8221;Nilva Cintra&#8221; company_name=&#8221;@cintra_nilva&#8221; portrait_url=&#8221;https:\/\/poraidebarraca.com.br\/experience\/wp-content\/uploads\/2025\/08\/cintra.jpg&#8221; _builder_version=&#8221;4.27.4&#8243; _module_preset=&#8221;default&#8221; author_text_align=&#8221;center&#8221; text_orientation=&#8221;center&#8221; global_colors_info=&#8221;{}&#8221;]<\/p>\n<p>Foi um experi\u00eancia maravilhosa passar o fim de semana com meus netos neste acampamento, ver a alegria deles n\u00e3o tem pre\u00e7o, vcs s\u00e3o muito profissionais, entregaram mais do que prometeram, com certeza, super afetuosos, valeu muito a pena&#8230;..<\/p>\n<p>[\/et_pb_testimonial][\/et_pb_column][et_pb_column type=&#8221;1_3&#8243; _builder_version=&#8221;4.27.4&#8243; _module_preset=&#8221;default&#8221; global_colors_info=&#8221;{}&#8221;][et_pb_testimonial author=&#8221;Sandra Felicio&#8221; company_name=&#8221;@sandrafeliciofisio&#8221; portrait_url=&#8221;https:\/\/poraidebarraca.com.br\/experience\/wp-content\/uploads\/2025\/08\/sandra.jpg&#8221; _builder_version=&#8221;4.27.4&#8243; _module_preset=&#8221;default&#8221; author_text_align=&#8221;center&#8221; text_orientation=&#8221;center&#8221; global_colors_info=&#8221;{}&#8221;]<\/p>\n<p>Fim de semana simplesmente Maravilhooosoo, minha primeira experi\u00eancia com acampamento e simplesmente AMEI, Enzo se divertiu horrores e amou a sua primeira experi\u00eancia tamb\u00e9m. Sem coment\u00e1rios para recep\u00e7\u00e3o, carinho e organiza\u00e7\u00e3o de voc\u00eas. Lelis e Raquel voc\u00eas s\u00e3o pessoas maravilhosas e cheia de Luz, que continuem sempre assim \u2764\ufe0f\u2764\ufe0f\u2764\ufe0f as fam\u00edlias que frequentam tamb\u00e9m parece q s\u00e3o escolhidas a dedo (que pessoal sensacional), super indico, vale muito a pena \ud83d\ude0d Gratid\u00e3o<\/p>\n<p>[\/et_pb_testimonial][\/et_pb_column][et_pb_column type=&#8221;1_3&#8243; _builder_version=&#8221;4.27.4&#8243; _module_preset=&#8221;default&#8221; global_colors_info=&#8221;{}&#8221;][et_pb_testimonial author=&#8221;Amanda&#8221; company_name=&#8221;@amandamel_lo&#8221; portrait_url=&#8221;https:\/\/poraidebarraca.com.br\/experience\/wp-content\/uploads\/2025\/08\/amanda.jpg&#8221; _builder_version=&#8221;4.27.4&#8243; _module_preset=&#8221;default&#8221; author_text_align=&#8221;center&#8221; text_orientation=&#8221;center&#8221; global_colors_info=&#8221;{}&#8221;]<\/p>\n<p>Foi incr\u00edvel nosso fds com vcs. Tudo impec\u00e1vel. Alimenta\u00e7\u00e3o, organiza\u00e7\u00e3o, limpeza, o carinho de vcs \ud83d\ude0d\ud83d\ude0d. Com ctz iremos voltar<\/p>\n<p>[\/et_pb_testimonial][\/et_pb_column][\/et_pb_row][\/et_pb_section][et_pb_section fb_built=&#8221;1&#8243; prev_background_color=&#8221;#ffffff&#8221; admin_label=&#8221;local&#8221; module_id=&#8221;local&#8221; _builder_version=&#8221;4.21.0&#8243; _module_preset=&#8221;default&#8221; background_image=&#8221;https:\/\/poraidebarraca.com.br\/experience\/wp-content\/uploads\/2023\/08\/bg2-copiar.jpg&#8221; parallax=&#8221;on&#8221; parallax_method=&#8221;off&#8221; top_divider_style=&#8221;wave2&#8243; collapsed=&#8221;on&#8221; global_colors_info=&#8221;{}&#8221;][et_pb_row _builder_version=&#8221;4.21.0&#8243; _module_preset=&#8221;default&#8221; collapsed=&#8221;on&#8221; global_colors_info=&#8221;{}&#8221;][et_pb_column type=&#8221;4_4&#8243; _builder_version=&#8221;4.21.0&#8243; _module_preset=&#8221;default&#8221; global_colors_info=&#8221;{}&#8221;][et_pb_text _builder_version=&#8221;4.21.0&#8243; _module_preset=&#8221;default&#8221; header_text_align=&#8221;center&#8221; header_text_color=&#8221;rgba(10,0,0,0.62)&#8221; header_font_size=&#8221;5em&#8221; header_letter_spacing=&#8221;-2px&#8221; custom_margin=&#8221;70px||||false|false&#8221; global_colors_info=&#8221;{}&#8221;]<\/p>\n<h1>Local<\/h1>\n<p>[\/et_pb_text][et_pb_text _builder_version=&#8221;4.21.0&#8243; _module_preset=&#8221;default&#8221; header_text_align=&#8221;center&#8221; header_3_text_align=&#8221;center&#8221; header_3_text_color=&#8221;#87C440&#8243; header_3_font_size=&#8221;3em&#8221; custom_margin=&#8221;-80px||||false|false&#8221; animation_style=&#8221;slide&#8221; animation_direction=&#8221;left&#8221; animation_duration=&#8221;1750ms&#8221; header_3_text_shadow_style=&#8221;preset5&#8243; header_3_text_shadow_color=&#8221;#000000&#8243; global_colors_info=&#8221;{}&#8221;]<\/p>\n<h3>Local<\/h3>\n<h3>escolhido<\/h3>\n<p>[\/et_pb_text][et_pb_divider color=&#8221;#FB962C&#8221; divider_weight=&#8221;3px&#8221; _builder_version=&#8221;4.21.0&#8243; _module_preset=&#8221;default&#8221; module_alignment=&#8221;right&#8221; global_colors_info=&#8221;{}&#8221;][\/et_pb_divider][\/et_pb_column][\/et_pb_row][et_pb_row column_structure=&#8221;1_3,2_3&#8243; _builder_version=&#8221;4.21.0&#8243; _module_preset=&#8221;default&#8221; collapsed=&#8221;on&#8221; global_colors_info=&#8221;{}&#8221;][et_pb_column type=&#8221;1_3&#8243; _builder_version=&#8221;4.21.0&#8243; _module_preset=&#8221;default&#8221; global_colors_info=&#8221;{}&#8221;][et_pb_image src=&#8221;https:\/\/poraidebarraca.com.br\/experience\/wp-content\/uploads\/2023\/08\/IconeBussola-1.png&#8221; title_text=&#8221;IconeBussola&#8221; align=&#8221;center&#8221; _builder_version=&#8221;4.21.0&#8243; _module_preset=&#8221;default&#8221; width=&#8221;70%&#8221; max_width=&#8221;70%&#8221; module_alignment=&#8221;center&#8221; animation_style=&#8221;slide&#8221; animation_direction=&#8221;bottom&#8221; animation_duration=&#8221;2000ms&#8221; global_colors_info=&#8221;{}&#8221;][\/et_pb_image][\/et_pb_column][et_pb_column type=&#8221;2_3&#8243; _builder_version=&#8221;4.21.0&#8243; _module_preset=&#8221;default&#8221; global_colors_info=&#8221;{}&#8221;][et_pb_text _builder_version=&#8221;4.21.0&#8243; _module_preset=&#8221;default&#8221; text_text_color=&#8221;#FFFFFF&#8221; animation_style=&#8221;slide&#8221; animation_direction=&#8221;right&#8221; animation_duration=&#8221;1750ms&#8221; text_text_shadow_style=&#8221;preset5&#8243; text_text_shadow_color=&#8221;#000000&#8243; global_colors_info=&#8221;{}&#8221;]<\/p>\n<p><strong>O local escolhido para essa experiencia \u00e9 a Santana Est\u00e2ncia Agroecol\u00f3gica<\/strong>, uma charmosa propriedade rural particular, localizada na cidade de Dourado \u2013 SP, regi\u00e3o central paulista. A Santana possui uma natureza linda, preservada e com manejo ecol\u00f3gico, evitando assim o uso de produtos sint\u00e9ticos como agrot\u00f3xicos ou adubos derivados de petr\u00f3leo, tem tamb\u00e9m sua fauna e flora preservadas, al\u00e9m de uma vista maravilhosa para o Vale do Rio Jacar\u00e9 Pepira, onde \u00e9 poss\u00edvel contemplar um incr\u00edvel p\u00f4r do sol, uma atra\u00e7\u00e3o imperd\u00edvel. Tamb\u00e9m tem uma agrad\u00e1vel \u00e1rea de lazer com piscina, sauna, represa e uma trilha por dentro da mata.<\/p>\n<p>[\/et_pb_text][\/et_pb_column][\/et_pb_row][et_pb_row column_structure=&#8221;2_5,3_5&#8243; disabled_on=&#8221;off|off|off&#8221; module_id=&#8221;estrutura&#8221; _builder_version=&#8221;4.21.0&#8243; _module_preset=&#8221;default&#8221; background_color=&#8221;#FFFFFF&#8221; module_alignment=&#8221;center&#8221; custom_margin=&#8221;70px||||false|false&#8221; custom_padding=&#8221;70px|35px|120px|35px|false|false&#8221; border_radii=&#8221;off|40px|40px||&#8221; global_colors_info=&#8221;{}&#8221;][et_pb_column type=&#8221;2_5&#8243; _builder_version=&#8221;4.21.0&#8243; _module_preset=&#8221;default&#8221; global_colors_info=&#8221;{}&#8221;][et_pb_text _builder_version=&#8221;4.21.0&#8243; _module_preset=&#8221;default&#8221; header_text_align=&#8221;right&#8221; header_text_color=&#8221;#e2e2e2&#8243; header_font_size=&#8221;3em&#8221; header_letter_spacing=&#8221;-2px&#8221; custom_margin=&#8221;|||-150px|false|false&#8221; global_colors_info=&#8221;{}&#8221;]<\/p>\n<h1>Estrutura<\/h1>\n<p>[\/et_pb_text][et_pb_text _builder_version=&#8221;4.21.0&#8243; _module_preset=&#8221;default&#8221; header_3_text_align=&#8221;right&#8221; header_3_text_color=&#8221;#3B7039&#8243; header_3_font_size=&#8221;2.5em&#8221; custom_margin=&#8221;-55px|||-100px|false|false&#8221; animation_style=&#8221;slide&#8221; animation_direction=&#8221;left&#8221; animation_duration=&#8221;1750ms&#8221; global_colors_info=&#8221;{}&#8221;]<\/p>\n<h3>Estrutura<\/h3>\n<p>[\/et_pb_text][et_pb_divider color=&#8221;#FB962C&#8221; divider_weight=&#8221;3px&#8221; _builder_version=&#8221;4.21.0&#8243; _module_preset=&#8221;default&#8221; module_alignment=&#8221;right&#8221; global_colors_info=&#8221;{}&#8221;][\/et_pb_divider][et_pb_text _builder_version=&#8221;4.21.0&#8243; _module_preset=&#8221;default&#8221; text_orientation=&#8221;right&#8221; animation_style=&#8221;slide&#8221; animation_direction=&#8221;left&#8221; animation_duration=&#8221;1750ms&#8221; global_colors_info=&#8221;{}&#8221;]<\/p>\n<p><strong>Nossa estrutura de camping<\/strong><br \/>conta com produtos de primeira qualidade e trabalhamos em parceria com as principais marcas do segmento. Temos barracas que acomodam confortavelmente de 2 at\u00e9 6 pessoas e montamos de acordo com a necessidade de cada fam\u00edlia. Voc\u00ea chega e a barraca da sua fam\u00edlia j\u00e1 est\u00e1 montada com os colchonetes dentro.<\/p>\n<p>[\/et_pb_text][\/et_pb_column][et_pb_column type=&#8221;3_5&#8243; _builder_version=&#8221;4.21.0&#8243; _module_preset=&#8221;default&#8221; global_colors_info=&#8221;{}&#8221;][et_pb_gallery gallery_ids=&#8221;875,876,877,878,879,880,881,882,883,884,885,886,887,888,889&#8243; fullwidth=&#8221;on&#8221; _builder_version=&#8221;4.21.0&#8243; _module_preset=&#8221;default&#8221; title_text_align=&#8221;center&#8221; title_text_color=&#8221;#FFFFFF&#8221; caption_text_align=&#8221;center&#8221; pagination_text_align=&#8221;center&#8221; pagination_text_color=&#8221;#FFFFFF&#8221; text_orientation=&#8221;center&#8221; background_layout=&#8221;dark&#8221; width=&#8221;90%&#8221; max_width=&#8221;90%&#8221; module_alignment=&#8221;center&#8221; auto=&#8221;on&#8221; auto_speed=&#8221;3000&#8243; border_width_all=&#8221;19px&#8221; border_color_all=&#8221;#FFFFFF&#8221; box_shadow_style=&#8221;preset3&#8243; global_colors_info=&#8221;{}&#8221;][\/et_pb_gallery][\/et_pb_column][\/et_pb_row][\/et_pb_section][et_pb_section fb_built=&#8221;1&#8243; admin_label=&#8221;duvidas&#8221; module_id=&#8221;duvidas&#8221; _builder_version=&#8221;4.21.0&#8243; _module_preset=&#8221;default&#8221; custom_margin=&#8221;-70px||||false|false&#8221; collapsed=&#8221;on&#8221; global_colors_info=&#8221;{}&#8221;][et_pb_row _builder_version=&#8221;4.21.0&#8243; _module_preset=&#8221;default&#8221; custom_margin=&#8221;-10px||||false|false&#8221; collapsed=&#8221;off&#8221; global_colors_info=&#8221;{}&#8221;][et_pb_column type=&#8221;4_4&#8243; _builder_version=&#8221;4.21.0&#8243; _module_preset=&#8221;default&#8221; global_colors_info=&#8221;{}&#8221;][et_pb_text _builder_version=&#8221;4.21.0&#8243; _module_preset=&#8221;default&#8221; header_text_align=&#8221;center&#8221; header_text_color=&#8221;#e2e2e2&#8243; header_font_size=&#8221;4em&#8221; header_letter_spacing=&#8221;-2px&#8221; custom_margin=&#8221;||||false|false&#8221; global_colors_info=&#8221;{}&#8221;]<\/p>\n<h1>D\u00favidas<\/h1>\n<p>[\/et_pb_text][et_pb_text _builder_version=&#8221;4.21.0&#8243; _module_preset=&#8221;default&#8221; header_3_text_align=&#8221;center&#8221; header_3_text_color=&#8221;#3B7039&#8243; header_3_font_size=&#8221;3em&#8221; custom_margin=&#8221;-70px||||false|false&#8221; animation_direction=&#8221;left&#8221; global_colors_info=&#8221;{}&#8221;]<\/p>\n<h3>D\u00favidas<\/h3>\n<p>[\/et_pb_text][et_pb_divider color=&#8221;#FB962C&#8221; divider_weight=&#8221;3px&#8221; _builder_version=&#8221;4.21.0&#8243; _module_preset=&#8221;default&#8221; module_alignment=&#8221;center&#8221; global_colors_info=&#8221;{}&#8221;][\/et_pb_divider][\/et_pb_column][\/et_pb_row][et_pb_row column_structure=&#8221;1_2,1_2&#8243; _builder_version=&#8221;4.21.0&#8243; _module_preset=&#8221;default&#8221; collapsed=&#8221;off&#8221; global_colors_info=&#8221;{}&#8221;][et_pb_column type=&#8221;1_2&#8243; _builder_version=&#8221;4.21.0&#8243; _module_preset=&#8221;default&#8221; global_colors_info=&#8221;{}&#8221;][et_pb_toggle title=&#8221;O que est\u00e1 incluso?&#8221; open_toggle_text_color=&#8221;#E1662D&#8221; open_toggle_background_color=&#8221;#f7f7f7&#8243; closed_toggle_text_color=&#8221;#E1662D&#8221; closed_toggle_background_color=&#8221;#f7f7f7&#8243; icon_color=&#8221;#E1662D&#8221; open_icon_color=&#8221;#E1662D&#8221; _builder_version=&#8221;4.21.0&#8243; _module_preset=&#8221;default&#8221; title_text_color=&#8221;#E1662D&#8221; title_level=&#8221;h6&#8243; animation_direction=&#8221;left&#8221; global_colors_info=&#8221;{}&#8221;]<\/p>\n<p>&#8211; Espa\u00e7o exclusivo;<br \/>&#8211; Estrutura de camping (barracas e colch\u00f5es);<br \/>&#8211; Monitor para crian\u00e7as (a partir de 5 anos);<br \/>&#8211; Luau com fogueira e m\u00fasica ao vivo;<br \/>&#8211; Alimenta\u00e7\u00e3o (2 Almo\u00e7os, 2 jantares e 2 caf\u00e9s da manh\u00e3).<\/p>\n<p>[\/et_pb_toggle][\/et_pb_column][et_pb_column type=&#8221;1_2&#8243; _builder_version=&#8221;4.21.0&#8243; _module_preset=&#8221;default&#8221; global_colors_info=&#8221;{}&#8221;][et_pb_toggle title=&#8221;O que devo levar?&#8221; open_toggle_text_color=&#8221;#E1662D&#8221; open_toggle_background_color=&#8221;#f2f2f2&#8243; closed_toggle_text_color=&#8221;#E1662D&#8221; closed_toggle_background_color=&#8221;#f2f2f2&#8243; icon_color=&#8221;#E1662D&#8221; open_icon_color=&#8221;#E1662D&#8221; _builder_version=&#8221;4.21.0&#8243; _module_preset=&#8221;default&#8221; title_text_color=&#8221;#E1662D&#8221; title_level=&#8221;h6&#8243; animation_direction=&#8221;right&#8221; global_colors_info=&#8221;{}&#8221;]<\/p>\n<p>&#8211; Travesseiro, toalha de banho, roupa de cama, cobertor\/edredom, repelente e protetor solar;<br \/>&#8211; Lanterna para utilizar dentro da barraca;<br \/>&#8211; Petiscos e guloseimas para comer entre as refei\u00e7\u00f5es principais;<br \/>&#8211; Caixa t\u00e9rmica com bebidas e gelo.<\/p>\n<p>[\/et_pb_toggle][\/et_pb_column][\/et_pb_row][\/et_pb_section][et_pb_section fb_built=&#8221;1&#8243; admin_label=&#8221;proximas datas&#8221; module_id=&#8221;datas&#8221; _builder_version=&#8221;4.21.0&#8243; _module_preset=&#8221;default&#8221; collapsed=&#8221;off&#8221; global_colors_info=&#8221;{}&#8221;][et_pb_row column_structure=&#8221;3_4,1_4&#8243; _builder_version=&#8221;4.21.0&#8243; _module_preset=&#8221;default&#8221; custom_margin=&#8221;-30px||||false|false&#8221; collapsed=&#8221;off&#8221; global_colors_info=&#8221;{}&#8221;][et_pb_column type=&#8221;3_4&#8243; _builder_version=&#8221;4.21.0&#8243; _module_preset=&#8221;default&#8221; global_colors_info=&#8221;{}&#8221;][et_pb_text _builder_version=&#8221;4.21.0&#8243; _module_preset=&#8221;default&#8221; header_text_align=&#8221;left&#8221; header_text_color=&#8221;#e2e2e2&#8243; header_font_size=&#8221;5em&#8221; header_letter_spacing=&#8221;-2px&#8221; custom_margin=&#8221;||||false|false&#8221; global_colors_info=&#8221;{}&#8221;]<\/p>\n<h1>Datas<\/h1>\n<p>[\/et_pb_text][et_pb_text _builder_version=&#8221;4.21.0&#8243; _module_preset=&#8221;default&#8221; header_3_text_align=&#8221;left&#8221; header_3_text_color=&#8221;#3B7039&#8243; header_3_font_size=&#8221;3em&#8221; custom_margin=&#8221;-80px||||false|false&#8221; animation_style=&#8221;slide&#8221; animation_direction=&#8221;left&#8221; animation_duration=&#8221;1750ms&#8221; global_colors_info=&#8221;{}&#8221;]<\/p>\n<h3>Pr\u00f3ximas Datas<\/h3>\n<p>[\/et_pb_text][et_pb_divider color=&#8221;#FB962C&#8221; divider_weight=&#8221;3px&#8221; _builder_version=&#8221;4.21.0&#8243; _module_preset=&#8221;default&#8221; module_alignment=&#8221;center&#8221; global_colors_info=&#8221;{}&#8221;][\/et_pb_divider][et_pb_text _builder_version=&#8221;4.27.5&#8243; _module_preset=&#8221;default&#8221; global_colors_info=&#8221;{}&#8221;]<\/p>\n<p>Nossas datas s\u00e3o pr\u00e9-determinadas e exclusivas, atendendo grupos de no m\u00e1ximo 14 fam\u00edlias por data.<\/p>\n<p>[\/et_pb_text][\/et_pb_column][et_pb_column type=&#8221;1_4&#8243; _builder_version=&#8221;4.21.0&#8243; _module_preset=&#8221;default&#8221; global_colors_info=&#8221;{}&#8221;][et_pb_image src=&#8221;https:\/\/poraidebarraca.com.br\/experience\/wp-content\/uploads\/2023\/08\/IconeCalendario.png&#8221; title_text=&#8221;IconeCalendario&#8221; align=&#8221;center&#8221; _builder_version=&#8221;4.21.0&#8243; _module_preset=&#8221;default&#8221; width=&#8221;70%&#8221; max_width=&#8221;70%&#8221; module_alignment=&#8221;center&#8221; custom_margin=&#8221;50px||||false|false&#8221; animation_style=&#8221;slide&#8221; animation_direction=&#8221;right&#8221; animation_duration=&#8221;1750ms&#8221; global_colors_info=&#8221;{}&#8221;][\/et_pb_image][\/et_pb_column][\/et_pb_row][et_pb_row column_structure=&#8221;1_3,1_3,1_3&#8243; _builder_version=&#8221;4.21.0&#8243; _module_preset=&#8221;default&#8221; animation_direction=&#8221;bottom&#8221; saved_tabs=&#8221;all&#8221; collapsed=&#8221;off&#8221; global_colors_info=&#8221;{}&#8221;][et_pb_column type=&#8221;1_3&#8243; _builder_version=&#8221;4.21.0&#8243; _module_preset=&#8221;default&#8221; global_colors_info=&#8221;{}&#8221;][et_pb_blurb title=&#8221;27, 28 e 29 de Mar\u00e7o&#8221; use_icon=&#8221;on&#8221; font_icon=&#8221;&#xf274;||fa||400&#8243; image_icon_width=&#8221;60px&#8221; _builder_version=&#8221;4.27.5&#8243; _module_preset=&#8221;default&#8221; header_text_align=&#8221;center&#8221; header_text_color=&#8221;#E1662D&#8221; header_font_size=&#8221;20px&#8221; text_orientation=&#8221;center&#8221; custom_padding=&#8221;40px|10px|40px|10px|false|false&#8221; hover_enabled=&#8221;0&#8243; border_radii=&#8221;on|30px|30px|30px|30px&#8221; border_width_all=&#8221;7px&#8221; border_color_all=&#8221;#87C440&#8243; box_shadow_style=&#8221;preset3&#8243; box_shadow_color=&#8221;rgba(0,0,0,0.4)&#8221; global_colors_info=&#8221;{}&#8221; sticky_enabled=&#8221;0&#8243;][\/et_pb_blurb][\/et_pb_column][et_pb_column type=&#8221;1_3&#8243; _builder_version=&#8221;4.21.0&#8243; _module_preset=&#8221;default&#8221; global_colors_info=&#8221;{}&#8221;][et_pb_blurb title=&#8221;03, 04 e 05 de Abril&#8221; use_icon=&#8221;on&#8221; font_icon=&#8221;&#xf274;||fa||400&#8243; image_icon_width=&#8221;60px&#8221; _builder_version=&#8221;4.27.5&#8243; _module_preset=&#8221;default&#8221; header_text_align=&#8221;center&#8221; header_text_color=&#8221;#E1662D&#8221; header_font_size=&#8221;20px&#8221; text_orientation=&#8221;center&#8221; custom_padding=&#8221;40px|10px|40px|10px|false|false&#8221; hover_enabled=&#8221;0&#8243; border_radii=&#8221;on|30px|30px|30px|30px&#8221; border_width_all=&#8221;7px&#8221; border_color_all=&#8221;#87C440&#8243; box_shadow_style=&#8221;preset3&#8243; box_shadow_color=&#8221;rgba(0,0,0,0.4)&#8221; global_colors_info=&#8221;{}&#8221; sticky_enabled=&#8221;0&#8243;][\/et_pb_blurb][\/et_pb_column][et_pb_column type=&#8221;1_3&#8243; _builder_version=&#8221;4.21.0&#8243; _module_preset=&#8221;default&#8221; global_colors_info=&#8221;{}&#8221;][et_pb_blurb title=&#8221;01, 02 e 03 de Maio&#8221; use_icon=&#8221;on&#8221; font_icon=&#8221;&#xf274;||fa||400&#8243; image_icon_width=&#8221;60px&#8221; _builder_version=&#8221;4.27.5&#8243; _module_preset=&#8221;default&#8221; header_text_align=&#8221;center&#8221; header_text_color=&#8221;#E1662D&#8221; header_font_size=&#8221;20px&#8221; text_orientation=&#8221;center&#8221; custom_padding=&#8221;40px|10px|40px|10px|false|false&#8221; hover_enabled=&#8221;0&#8243; border_radii=&#8221;on|30px|30px|30px|30px&#8221; border_width_all=&#8221;7px&#8221; border_color_all=&#8221;#87C440&#8243; box_shadow_style=&#8221;preset3&#8243; box_shadow_color=&#8221;rgba(0,0,0,0.4)&#8221; global_colors_info=&#8221;{}&#8221; sticky_enabled=&#8221;0&#8243;][\/et_pb_blurb][\/et_pb_column][\/et_pb_row][et_pb_row column_structure=&#8221;1_3,1_3,1_3&#8243; _builder_version=&#8221;4.21.0&#8243; _module_preset=&#8221;default&#8221; animation_direction=&#8221;bottom&#8221; saved_tabs=&#8221;all&#8221; collapsed=&#8221;off&#8221; global_colors_info=&#8221;{}&#8221;][et_pb_column type=&#8221;1_3&#8243; _builder_version=&#8221;4.21.0&#8243; _module_preset=&#8221;default&#8221; global_colors_info=&#8221;{}&#8221;][et_pb_blurb title=&#8221;26, 27 e 28 Junho&#8221; use_icon=&#8221;on&#8221; font_icon=&#8221;&#xf274;||fa||400&#8243; image_icon_width=&#8221;60px&#8221; _builder_version=&#8221;4.27.5&#8243; _module_preset=&#8221;default&#8221; header_text_align=&#8221;center&#8221; header_text_color=&#8221;#E1662D&#8221; header_font_size=&#8221;20px&#8221; text_orientation=&#8221;center&#8221; custom_padding=&#8221;40px|10px|40px|10px|false|false&#8221; hover_enabled=&#8221;0&#8243; border_radii=&#8221;on|30px|30px|30px|30px&#8221; border_width_all=&#8221;7px&#8221; border_color_all=&#8221;#87C440&#8243; box_shadow_style=&#8221;preset3&#8243; box_shadow_color=&#8221;rgba(0,0,0,0.4)&#8221; global_colors_info=&#8221;{}&#8221; sticky_enabled=&#8221;0&#8243;][\/et_pb_blurb][\/et_pb_column][et_pb_column type=&#8221;1_3&#8243; _builder_version=&#8221;4.21.0&#8243; _module_preset=&#8221;default&#8221; global_colors_info=&#8221;{}&#8221;][et_pb_blurb title=&#8221;03, 04 e 05 de Julho&#8221; use_icon=&#8221;on&#8221; font_icon=&#8221;&#xf274;||fa||400&#8243; image_icon_width=&#8221;60px&#8221; _builder_version=&#8221;4.27.5&#8243; _module_preset=&#8221;default&#8221; header_text_align=&#8221;center&#8221; header_text_color=&#8221;#E1662D&#8221; header_font_size=&#8221;20px&#8221; text_orientation=&#8221;center&#8221; custom_padding=&#8221;40px|10px|40px|10px|false|false&#8221; hover_enabled=&#8221;0&#8243; border_radii=&#8221;on|30px|30px|30px|30px&#8221; border_width_all=&#8221;7px&#8221; border_color_all=&#8221;#87C440&#8243; box_shadow_style=&#8221;preset3&#8243; box_shadow_color=&#8221;rgba(0,0,0,0.4)&#8221; global_colors_info=&#8221;{}&#8221; sticky_enabled=&#8221;0&#8243;][\/et_pb_blurb][\/et_pb_column][et_pb_column type=&#8221;1_3&#8243; _builder_version=&#8221;4.21.0&#8243; _module_preset=&#8221;default&#8221; global_colors_info=&#8221;{}&#8221;][\/et_pb_column][\/et_pb_row][et_pb_row _builder_version=&#8221;4.21.0&#8243; _module_preset=&#8221;default&#8221; custom_margin=&#8221;50px||||false|false&#8221; collapsed=&#8221;off&#8221; global_colors_info=&#8221;{}&#8221;][et_pb_column type=&#8221;4_4&#8243; _builder_version=&#8221;4.21.0&#8243; _module_preset=&#8221;default&#8221; global_colors_info=&#8221;{}&#8221;][et_pb_toggle title=&#8221;Programa\u00e7\u00e3o&#8221; open_toggle_text_color=&#8221;#E1662D&#8221; open_toggle_background_color=&#8221;#f7f7f7&#8243; closed_toggle_text_color=&#8221;#E1662D&#8221; closed_toggle_background_color=&#8221;#f7f7f7&#8243; icon_color=&#8221;#E1662D&#8221; open_icon_color=&#8221;#E1662D&#8221; _builder_version=&#8221;4.21.0&#8243; _module_preset=&#8221;default&#8221; title_text_color=&#8221;#E1662D&#8221; title_level=&#8221;h6&#8243; title_font_size=&#8221;22px&#8221; animation_direction=&#8221;left&#8221; hover_enabled=&#8221;0&#8243; global_colors_info=&#8221;{}&#8221; sticky_enabled=&#8221;0&#8243;]<\/p>\n<p><strong>SEXTA-FEIRA<\/strong><br \/><strong>16h00 as 21h00<\/strong> \u2013 Check in<br \/><strong>16h as 22h30<\/strong> \u2013 Recrea\u00e7\u00e3o Infantil (maiores de 5 anos)<br \/><strong>19h00<\/strong> \u2013 M\u00daSICA AO VIVO<br \/><strong>19h30 at\u00e9 21h30<\/strong> \u2013 Jantar \u2013 Sandu\u00edche de Pernil com queijo meia cura, maionese com p\u00e1prica e molho de goiabada com pimenta, e caldo de feij\u00e3o com couve.<\/p>\n<p><strong>S\u00c1BADO<\/strong><br \/><strong>08h00 as 9h30<\/strong> \u2013 Caf\u00e9 da Manh\u00e3 &#8211; presunto, mu\u00e7arela, p\u00e3es, manteiga, requeij\u00e3o, queijo fresco, ovos mexidos, leite, caf\u00e9, suco, bolo e achocolatado<br \/><strong>14h as 22h00<\/strong> \u2013 Recrea\u00e7\u00e3o Infantil (maiores de 5 anos \u2013 menores de cinco anos podem participar acompanhados pelos pais)<br \/><strong>13h00 as 14h30<\/strong> \u2013 Almo\u00e7o &#8211; churrasco (alcatra, lingui\u00e7a artesanal de pernil, coxinha de frango, abobrinha e berinjela) acompanhado de p\u00e3o, arroz, salada verde, vinagrete e farofa.<br \/><strong>15h30<\/strong> \u2013 Passeio para visitar a loja da Charcutaria Girdu\u00b4s e a sorveteria do Z\u00e9<br \/><strong>19h00<\/strong> \u2013 LUAU COM M\u00daSICA AO VIVO E FOGUEIRA<br \/><strong>19h30 as 21h30<\/strong> \u2013 Jantar &#8211; hot-dog com acompanhamentos (milho, repolho, vinagrete e batata palha, caldo de mandioca e milho-cozido.<\/p>\n<p><strong>DOMINGO<\/strong><br \/><strong>08h00 as 9h30<\/strong> \u2013 Caf\u00e9 da Manh\u00e3 &#8211; presunto, mu\u00e7arela, p\u00e3es, manteiga, requeij\u00e3o, queijo fresco, ovos mexidos, leite, caf\u00e9, suco, bolo e achocolatado<br \/><strong>09h30<\/strong> \u2013 Desmontar acampamento (retirar os pertences das barracas para que nossa equipe possa desmont\u00e1-las)<br \/><strong>10h00<\/strong> \u2013 Trilha Ecol\u00f3gica da Santana<br \/><strong>13h00 as 14h30<\/strong> \u2013 Almo\u00e7o \u2013 macarr\u00e3o (bolonhesa e ao sugo) e salada verde<br \/><strong>15h00<\/strong>\u00a0\u2013\u00a0Check\u00a0out<\/p>\n<p>[\/et_pb_toggle][et_pb_toggle title=&#8221;Investimento&#8221; open_toggle_text_color=&#8221;#E1662D&#8221; open_toggle_background_color=&#8221;#f7f7f7&#8243; closed_toggle_text_color=&#8221;#E1662D&#8221; closed_toggle_background_color=&#8221;#f7f7f7&#8243; icon_color=&#8221;#E1662D&#8221; open_icon_color=&#8221;#E1662D&#8221; disabled_on=&#8221;on|on|on&#8221; _builder_version=&#8221;4.27.4&#8243; _module_preset=&#8221;default&#8221; title_text_color=&#8221;#E1662D&#8221; title_level=&#8221;h6&#8243; title_font_size=&#8221;22px&#8221; animation_direction=&#8221;right&#8221; disabled=&#8221;on&#8221; global_colors_info=&#8221;{}&#8221;]<\/p>\n<p>Adultos e maiores de 11 anos: R$ 675,00;<br \/>Crian\u00e7as de 5 at\u00e9 10 anos: R$ 600,00;<br \/>Crian\u00e7as com at\u00e9 4 anos acompanhada de 2 pagantes: Cortesia.<\/p>\n<p><strong>Pagamento via pix em 3x<\/strong><\/p>\n<p><strong>Regras para desist\u00eancia\/cancelamento:<\/strong><br \/>At\u00e9 15 dias antes do evento cobramos 30% do valor total da reserva;<br \/>De 14 at\u00e9 7 dias antes do evento cobramos 50% do valor total da reserva;<br \/>Faltando menos de 7 dias ser\u00e1 cobrado o valor integral.<\/p>\n<p>[\/et_pb_toggle][\/et_pb_column][\/et_pb_row][\/et_pb_section][et_pb_section fb_built=&#8221;1&#8243; admin_label=&#8221;eu quero&#8221; module_id=&#8221;euquero&#8221; _builder_version=&#8221;4.21.0&#8243; _module_preset=&#8221;default&#8221; background_image=&#8221;https:\/\/poraidebarraca.com.br\/experience\/wp-content\/uploads\/2023\/08\/bgEUQUERO2-2.jpg&#8221; parallax=&#8221;on&#8221; parallax_method=&#8221;off&#8221; top_divider_style=&#8221;wave2&#8243; top_divider_color=&#8221;#87C440&#8243; top_divider_height=&#8221;80px&#8221; bottom_divider_style=&#8221;wave2&#8243; bottom_divider_color=&#8221;#87C440&#8243; bottom_divider_height=&#8221;80px&#8221; collapsed=&#8221;on&#8221; global_colors_info=&#8221;{}&#8221;][et_pb_row _builder_version=&#8221;4.21.0&#8243; _module_preset=&#8221;default&#8221; custom_margin=&#8221;70px||||false|false&#8221; collapsed=&#8221;off&#8221; global_colors_info=&#8221;{}&#8221;][et_pb_column type=&#8221;4_4&#8243; _builder_version=&#8221;4.21.0&#8243; _module_preset=&#8221;default&#8221; global_colors_info=&#8221;{}&#8221;][et_pb_text _builder_version=&#8221;4.21.0&#8243; _module_preset=&#8221;default&#8221; header_text_align=&#8221;center&#8221; header_text_color=&#8221;#dcdcdc&#8221; header_font_size=&#8221;4em&#8221; header_letter_spacing=&#8221;-2px&#8221; custom_margin=&#8221;||||false|false&#8221; header_text_shadow_style=&#8221;preset5&#8243; header_text_shadow_color=&#8221;#FFFFFF&#8221; global_colors_info=&#8221;{}&#8221;]<\/p>\n<h1>BORAAA<\/h1>\n<p>[\/et_pb_text][et_pb_text _builder_version=&#8221;4.21.0&#8243; _module_preset=&#8221;default&#8221; header_text_align=&#8221;center&#8221; header_text_color=&#8221;#3B7039&#8243; header_font_size=&#8221;4em&#8221; header_letter_spacing=&#8221;-2px&#8221; custom_margin=&#8221;-75px||||false|false&#8221; header_text_shadow_style=&#8221;preset5&#8243; header_text_shadow_color=&#8221;#FFFFFF&#8221; global_colors_info=&#8221;{}&#8221;]<\/p>\n<h1>Eu quero<\/h1>\n<p>[\/et_pb_text][et_pb_text _builder_version=&#8221;4.21.0&#8243; _module_preset=&#8221;default&#8221; text_font=&#8221;|||on|||||&#8221; text_text_color=&#8221;#E1662D&#8221; text_font_size=&#8221;23px&#8221; text_letter_spacing=&#8221;-1px&#8221; text_orientation=&#8221;center&#8221; custom_margin=&#8221;-35px||||false|false&#8221; text_text_shadow_style=&#8221;preset5&#8243; text_text_shadow_color=&#8221;#FFFFFF&#8221; global_colors_info=&#8221;{}&#8221;]<\/p>\n<p><strong>ter uma experi\u00eancia inesquec\u00edvel<\/strong><\/p>\n<p>[\/et_pb_text][et_pb_text _builder_version=&#8221;4.21.0&#8243; _module_preset=&#8221;default&#8221; header_3_text_align=&#8221;center&#8221; header_3_text_color=&#8221;#3B7039&#8243; header_3_font_size=&#8221;2.4em&#8221; custom_margin=&#8221;-22px||||false|false&#8221; animation_direction=&#8221;left&#8221; header_3_text_shadow_style=&#8221;preset5&#8243; header_3_text_shadow_color=&#8221;#FFFFFF&#8221; global_colors_info=&#8221;{}&#8221;]<\/p>\n<h3>Por a\u00ed de barraca!<\/h3>\n<p>[\/et_pb_text][et_pb_divider color=&#8221;#3B7039&#8243; divider_weight=&#8221;3px&#8221; _builder_version=&#8221;4.21.0&#8243; _module_preset=&#8221;default&#8221; module_alignment=&#8221;center&#8221; global_colors_info=&#8221;{}&#8221;][\/et_pb_divider][et_pb_text _builder_version=&#8221;4.21.0&#8243; _module_preset=&#8221;default&#8221; header_3_text_align=&#8221;center&#8221; header_3_text_color=&#8221;#3B7039&#8243; header_3_font_size=&#8221;37px&#8221; custom_margin=&#8221;-22px||||false|false&#8221; animation_direction=&#8221;left&#8221; header_3_text_shadow_style=&#8221;preset5&#8243; header_3_text_shadow_color=&#8221;#FFFFFF&#8221; global_colors_info=&#8221;{}&#8221;]<\/p>\n<h3>Reservas<\/h3>\n<p>[\/et_pb_text][et_pb_shop posts_number=&#8221;4&#8243; columns_number=&#8221;2&#8243; disabled_on=&#8221;on|off|off&#8221; admin_label=&#8221;produtos desktop&#8221; _builder_version=&#8221;4.27.5&#8243; _module_preset=&#8221;default&#8221; title_text_align=&#8221;center&#8221; price_text_align=&#8221;center&#8221; global_colors_info=&#8221;{}&#8221;][\/et_pb_shop][et_pb_shop posts_number=&#8221;4&#8243; columns_number=&#8221;1&#8243; disabled_on=&#8221;off|on|on&#8221; admin_label=&#8221;produtos mobile&#8221; _builder_version=&#8221;4.27.5&#8243; _module_preset=&#8221;default&#8221; title_text_align=&#8221;center&#8221; price_text_align=&#8221;center&#8221; global_colors_info=&#8221;{}&#8221;][\/et_pb_shop][et_pb_button button_url=&#8221;https:\/\/api.whatsapp.com\/send?phone=5516997416561&#038;text=Ol%C3%A1!%20Gostaria%20de%20saber%20como%20fazer%20minha%20reserva%20&#8243; url_new_window=&#8221;on&#8221; button_text=&#8221;CONTATO PARA RESERVAS&#8221; button_alignment=&#8221;center&#8221; disabled_on=&#8221;on|on|on&#8221; _builder_version=&#8221;4.27.4&#8243; _module_preset=&#8221;default&#8221; custom_button=&#8221;on&#8221; button_text_color=&#8221;#FFFFFF&#8221; button_bg_color=&#8221;#E1662D&#8221; button_border_width=&#8221;5px&#8221; button_border_color=&#8221;#E1662D&#8221; button_border_radius=&#8221;50px&#8221; button_letter_spacing=&#8221;1px&#8221; button_icon=&#8221;&#xf232;||fa||400&#8243; button_icon_color=&#8221;#FFFFFF&#8221; button_icon_placement=&#8221;left&#8221; button_on_hover=&#8221;off&#8221; custom_margin=&#8221;||150px||false|false&#8221; animation_style=&#8221;slide&#8221; animation_direction=&#8221;left&#8221; animation_duration=&#8221;2000ms&#8221; animation_delay=&#8221;500ms&#8221; disabled=&#8221;on&#8221; global_colors_info=&#8221;{}&#8221;][\/et_pb_button][\/et_pb_column][\/et_pb_row][et_pb_row column_structure=&#8221;1_3,1_3,1_3&#8243; _builder_version=&#8221;4.27.4&#8243; _module_preset=&#8221;default&#8221; global_colors_info=&#8221;{}&#8221;][et_pb_column type=&#8221;1_3&#8243; _builder_version=&#8221;4.27.4&#8243; _module_preset=&#8221;default&#8221; global_colors_info=&#8221;{}&#8221;][et_pb_testimonial author=&#8221;Francielle Maynara&#8221; company_name=&#8221;@franciellemaynara&#8221; portrait_url=&#8221;https:\/\/poraidebarraca.com.br\/experience\/wp-content\/uploads\/2025\/08\/franciele.jpg&#8221; _builder_version=&#8221;4.27.4&#8243; _module_preset=&#8221;default&#8221; text_orientation=&#8221;center&#8221; global_colors_info=&#8221;{}&#8221;]<\/p>\n<p>Foi tudo incr\u00edvel!!! Meus filhos amaram, se divertiram, exploraram. Tenho certeza de que lembrar\u00e3o para sempre desse final de semana!!! Muito obrigada!!!<\/p>\n<p>[\/et_pb_testimonial][\/et_pb_column][et_pb_column type=&#8221;1_3&#8243; _builder_version=&#8221;4.27.4&#8243; _module_preset=&#8221;default&#8221; global_colors_info=&#8221;{}&#8221;][et_pb_testimonial author=&#8221;Grazi Oliveira&#8221; company_name=&#8221;@grazipoliveira&#8221; portrait_url=&#8221;https:\/\/poraidebarraca.com.br\/experience\/wp-content\/uploads\/2025\/08\/grazy.jpg&#8221; _builder_version=&#8221;4.27.4&#8243; _module_preset=&#8221;default&#8221; text_orientation=&#8221;center&#8221; global_colors_info=&#8221;{}&#8221;]<\/p>\n<p>Gratid\u00e3o Lelis e Raquel \u2764\ufe0f Foi tudo maravilhoso, todo o cuidado com as crian\u00e7as, estrutura, comidas, recrea\u00e7\u00e3o, logo voltaremos. E j\u00e1 indiquei para as fam\u00edlias de Campinas.<\/p>\n<p>[\/et_pb_testimonial][\/et_pb_column][et_pb_column type=&#8221;1_3&#8243; _builder_version=&#8221;4.27.4&#8243; _module_preset=&#8221;default&#8221; global_colors_info=&#8221;{}&#8221;][et_pb_testimonial author=&#8221;Nathalia Costa Schultz Andrade&#8221; company_name=&#8221;@nathaliaschultz&#8221; portrait_url=&#8221;https:\/\/poraidebarraca.com.br\/experience\/wp-content\/uploads\/2025\/08\/natalia.jpg&#8221; _builder_version=&#8221;4.27.4&#8243; _module_preset=&#8221;default&#8221; text_orientation=&#8221;center&#8221; global_colors_info=&#8221;{}&#8221;]<\/p>\n<p>Que experi\u00eancia inesquec\u00edvel! Voltaremos em breve!<\/p>\n<p>[\/et_pb_testimonial][\/et_pb_column][\/et_pb_row][\/et_pb_section][et_pb_section fb_built=&#8221;1&#8243; admin_label=&#8221;contato&#8221; module_id=&#8221;contato&#8221; _builder_version=&#8221;4.21.0&#8243; _module_preset=&#8221;default&#8221; collapsed=&#8221;on&#8221; global_colors_info=&#8221;{}&#8221;][et_pb_row _builder_version=&#8221;4.21.0&#8243; _module_preset=&#8221;default&#8221; global_colors_info=&#8221;{}&#8221;][et_pb_column type=&#8221;4_4&#8243; _builder_version=&#8221;4.21.0&#8243; _module_preset=&#8221;default&#8221; global_colors_info=&#8221;{}&#8221;][et_pb_text _builder_version=&#8221;4.21.0&#8243; _module_preset=&#8221;default&#8221; header_text_align=&#8221;center&#8221; header_text_color=&#8221;#e2e2e2&#8243; header_font_size=&#8221;4em&#8221; header_letter_spacing=&#8221;-2px&#8221; custom_margin=&#8221;||||false|false&#8221; global_colors_info=&#8221;{}&#8221;]<\/p>\n<h1>Contato<\/h1>\n<p>[\/et_pb_text][et_pb_text _builder_version=&#8221;4.21.0&#8243; _module_preset=&#8221;default&#8221; header_3_text_align=&#8221;center&#8221; header_3_text_color=&#8221;#3B7039&#8243; header_3_font_size=&#8221;3em&#8221; custom_margin=&#8221;-70px||||false|false&#8221; animation_direction=&#8221;left&#8221; global_colors_info=&#8221;{}&#8221;]<\/p>\n<h3>Fale Conosco<\/h3>\n<p>[\/et_pb_text][et_pb_text _builder_version=&#8221;4.21.0&#8243; _module_preset=&#8221;default&#8221; text_orientation=&#8221;center&#8221; custom_margin=&#8221;-20px||||false|false&#8221; global_colors_info=&#8221;{}&#8221;]<\/p>\n<p>Restou alguma d\u00favida ou quer falar com a gente? \u00c9 s\u00f3 mandar no formul\u00e1rio abaixo:<\/p>\n<p>[\/et_pb_text][et_pb_divider color=&#8221;#FB962C&#8221; divider_weight=&#8221;3px&#8221; _builder_version=&#8221;4.21.0&#8243; _module_preset=&#8221;default&#8221; module_alignment=&#8221;center&#8221; global_colors_info=&#8221;{}&#8221;][\/et_pb_divider][\/et_pb_column][\/et_pb_row][et_pb_row column_structure=&#8221;3_5,2_5&#8243; _builder_version=&#8221;4.21.0&#8243; _module_preset=&#8221;default&#8221; global_colors_info=&#8221;{}&#8221;][et_pb_column type=&#8221;3_5&#8243; _builder_version=&#8221;4.21.0&#8243; _module_preset=&#8221;default&#8221; global_colors_info=&#8221;{}&#8221;][et_pb_contact_form captcha=&#8221;off&#8221; email=&#8221;experience@poraidebarraca.com.br&#8221; success_message=&#8221;Legal! Seu contato foi enviado e rapidinho a gente te retorna ;)&#8221; _builder_version=&#8221;4.21.0&#8243; _module_preset=&#8221;default&#8221; _unique_id=&#8221;aeddbeea-4f1d-4afd-8fb0-f348ed294b4a&#8221; form_field_background_color=&#8221;#FFFFFF&#8221; form_field_text_color=&#8221;#E1662D&#8221; form_field_focus_background_color=&#8221;#FFFFFF&#8221; form_field_focus_text_color=&#8221;#E1662D&#8221; border_radii=&#8221;on|5px|5px|5px|5px&#8221; border_width_top=&#8221;1px&#8221; border_color_top=&#8221;#3B7039&#8243; border_width_right=&#8221;1px&#8221; border_color_right=&#8221;#3B7039&#8243; border_width_bottom=&#8221;4px&#8221; border_color_bottom=&#8221;#3B7039&#8243; border_width_left=&#8221;4px&#8221; border_color_left=&#8221;#3B7039&#8243; global_colors_info=&#8221;{}&#8221;][et_pb_contact_field field_id=&#8221;Nome&#8221; field_title=&#8221;Nome&#8221; _builder_version=&#8221;4.21.0&#8243; global_colors_info=&#8221;{}&#8221; button_text_size__hover_enabled=&#8221;off&#8221; button_one_text_size__hover_enabled=&#8221;off&#8221; button_two_text_size__hover_enabled=&#8221;off&#8221; button_text_color__hover_enabled=&#8221;off&#8221; button_one_text_color__hover_enabled=&#8221;off&#8221; button_two_text_color__hover_enabled=&#8221;off&#8221; button_border_width__hover_enabled=&#8221;off&#8221; button_one_border_width__hover_enabled=&#8221;off&#8221; button_two_border_width__hover_enabled=&#8221;off&#8221; button_border_color__hover_enabled=&#8221;off&#8221; button_one_border_color__hover_enabled=&#8221;off&#8221; button_two_border_color__hover_enabled=&#8221;off&#8221; button_border_radius__hover_enabled=&#8221;off&#8221; button_one_border_radius__hover_enabled=&#8221;off&#8221; button_two_border_radius__hover_enabled=&#8221;off&#8221; button_letter_spacing__hover_enabled=&#8221;off&#8221; button_one_letter_spacing__hover_enabled=&#8221;off&#8221; button_two_letter_spacing__hover_enabled=&#8221;off&#8221; button_bg_color__hover_enabled=&#8221;off&#8221; button_one_bg_color__hover_enabled=&#8221;off&#8221; button_two_bg_color__hover_enabled=&#8221;off&#8221;][\/et_pb_contact_field][et_pb_contact_field field_id=&#8221;Fone_\/_WhatsApp&#8221; field_title=&#8221;Fone \/ WhatsApp&#8221; _builder_version=&#8221;4.21.0&#8243; _module_preset=&#8221;default&#8221; global_colors_info=&#8221;{}&#8221;][\/et_pb_contact_field][et_pb_contact_field field_id=&#8221;Mensagem&#8221; field_title=&#8221;Mensagem&#8221; field_type=&#8221;text&#8221; fullwidth_field=&#8221;on&#8221; _builder_version=&#8221;4.21.0&#8243; global_colors_info=&#8221;{}&#8221; button_text_size__hover_enabled=&#8221;off&#8221; button_one_text_size__hover_enabled=&#8221;off&#8221; button_two_text_size__hover_enabled=&#8221;off&#8221; button_text_color__hover_enabled=&#8221;off&#8221; button_one_text_color__hover_enabled=&#8221;off&#8221; button_two_text_color__hover_enabled=&#8221;off&#8221; button_border_width__hover_enabled=&#8221;off&#8221; button_one_border_width__hover_enabled=&#8221;off&#8221; button_two_border_width__hover_enabled=&#8221;off&#8221; button_border_color__hover_enabled=&#8221;off&#8221; button_one_border_color__hover_enabled=&#8221;off&#8221; button_two_border_color__hover_enabled=&#8221;off&#8221; button_border_radius__hover_enabled=&#8221;off&#8221; button_one_border_radius__hover_enabled=&#8221;off&#8221; button_two_border_radius__hover_enabled=&#8221;off&#8221; button_letter_spacing__hover_enabled=&#8221;off&#8221; button_one_letter_spacing__hover_enabled=&#8221;off&#8221; button_two_letter_spacing__hover_enabled=&#8221;off&#8221; button_bg_color__hover_enabled=&#8221;off&#8221; button_one_bg_color__hover_enabled=&#8221;off&#8221; button_two_bg_color__hover_enabled=&#8221;off&#8221;][\/et_pb_contact_field][\/et_pb_contact_form][\/et_pb_column][et_pb_column type=&#8221;2_5&#8243; _builder_version=&#8221;4.21.0&#8243; _module_preset=&#8221;default&#8221; global_colors_info=&#8221;{}&#8221;][et_pb_image src=&#8221;https:\/\/poraidebarraca.com.br\/experience\/wp-content\/uploads\/2023\/08\/logoSITE200.png&#8221; title_text=&#8221;logoSITE200&#8243; align=&#8221;center&#8221; _builder_version=&#8221;4.21.0&#8243; _module_preset=&#8221;default&#8221; animation_direction=&#8221;right&#8221; global_colors_info=&#8221;{}&#8221;][\/et_pb_image][et_pb_social_media_follow use_icon_font_size=&#8221;on&#8221; icon_font_size=&#8221;24px&#8221; _builder_version=&#8221;4.21.0&#8243; _module_preset=&#8221;default&#8221; text_orientation=&#8221;center&#8221; animation_direction=&#8221;bottom&#8221; border_radii=&#8221;on|100px|100px|100px|100px&#8221; global_colors_info=&#8221;{}&#8221;][et_pb_social_media_follow_network social_network=&#8221;youtube&#8221; url=&#8221;https:\/\/www.youtube.com\/poraidebarraca&#8221; _builder_version=&#8221;4.21.0&#8243; _module_preset=&#8221;default&#8221; background_color=&#8221;#a82400&#8243; global_colors_info=&#8221;{}&#8221;]youtube[\/et_pb_social_media_follow_network][et_pb_social_media_follow_network social_network=&#8221;instagram&#8221; url=&#8221;https:\/\/www.instagram.com\/poraidebarraca\/&#8221; _builder_version=&#8221;4.21.0&#8243; _module_preset=&#8221;default&#8221; background_color=&#8221;#ea2c59&#8243; global_colors_info=&#8221;{}&#8221;]instagram[\/et_pb_social_media_follow_network][et_pb_social_media_follow_network social_network=&#8221;facebook&#8221; url=&#8221;https:\/\/www.facebook.com\/poraidebarraca\/&#8221; _builder_version=&#8221;4.21.0&#8243; _module_preset=&#8221;default&#8221; background_color=&#8221;#3b5998&#8243; global_colors_info=&#8221;{}&#8221;]facebook[\/et_pb_social_media_follow_network][\/et_pb_social_media_follow][\/et_pb_column][\/et_pb_row][\/et_pb_section]<\/p>\n","protected":false},"excerpt":{"rendered":"<p>A barraca da sua fam\u00edlia\u00a0j\u00e1 est\u00e1 montada!Descubra a experi\u00eancia que s\u00f3 o campismo proporcionaConhe\u00e7aConhe\u00e7a o projeto Somos Raquel Martins e Thiago Lelise faz mais de oito anos que rodamos \u201cPor a\u00ed de Barraca\u201d. Nesse tempo tivemos a oportunidade de conhecer muitos campings, fazer amizade com muitos campistas e vivemos momentos m\u00e1gicos acampando e explorando novos [&hellip;]<\/p>\n","protected":false},"author":1,"featured_media":0,"parent":0,"menu_order":0,"comment_status":"closed","ping_status":"closed","template":"","meta":{"_et_pb_use_builder":"on","_et_pb_old_content":"<!-- wp:divi\/placeholder \/-->","_et_gb_content_width":"","_joinchat":[],"footnotes":""},"class_list":["post-6","page","type-page","status-publish","hentry"],"_links":{"self":[{"href":"https:\/\/poraidebarraca.com.br\/experience\/wp-json\/wp\/v2\/pages\/6","targetHints":{"allow":["GET"]}}],"collection":[{"href":"https:\/\/poraidebarraca.com.br\/experience\/wp-json\/wp\/v2\/pages"}],"about":[{"href":"https:\/\/poraidebarraca.com.br\/experience\/wp-json\/wp\/v2\/types\/page"}],"author":[{"embeddable":true,"href":"https:\/\/poraidebarraca.com.br\/experience\/wp-json\/wp\/v2\/users\/1"}],"replies":[{"embeddable":true,"href":"https:\/\/poraidebarraca.com.br\/experience\/wp-json\/wp\/v2\/comments?post=6"}],"version-history":[{"count":447,"href":"https:\/\/poraidebarraca.com.br\/experience\/wp-json\/wp\/v2\/pages\/6\/revisions"}],"predecessor-version":[{"id":1287,"href":"https:\/\/poraidebarraca.com.br\/experience\/wp-json\/wp\/v2\/pages\/6\/revisions\/1287"}],"wp:attachment":[{"href":"https:\/\/poraidebarraca.com.br\/experience\/wp-json\/wp\/v2\/media?parent=6"}],"curies":[{"name":"wp","href":"https:\/\/api.w.org\/{rel}","templated":true}]}}